{"id":472,"date":"2022-05-04T00:41:55","date_gmt":"2022-05-03T22:41:55","guid":{"rendered":"http:\/\/czarnipalck.pl\/?page_id=472"},"modified":"2024-08-27T07:30:52","modified_gmt":"2024-08-27T05:30:52","slug":"aktualnosci","status":"publish","type":"page","link":"https:\/\/czarnipalck.pl\/index.php\/aktualnosci\/","title":{"rendered":"Aktualno\u015bci"},"content":{"rendered":"\t\t<div data-elementor-type=\"wp-page\" data-elementor-id=\"472\" class=\"elementor elementor-472\" data-elementor-post-type=\"page\">\n\t\t\t\t\t\t<section class=\"elementor-section elementor-top-section elementor-element elementor-element-2cc781c elementor-section-boxed elementor-section-height-default elementor-section-height-default\" data-id=\"2cc781c\" data-element_type=\"section\" data-settings=\"{&quot;background_background&quot;:&quot;classic&quot;}\">\n\t\t\t\t\t\t<div class=\"elementor-container elementor-column-gap-default\">\n\t\t\t\t\t<div class=\"elementor-column elementor-col-50 elementor-top-column elementor-element elementor-element-f39e981\" data-id=\"f39e981\" data-element_type=\"column\">\n\t\t\t<div class=\"elementor-widget-wrap elementor-element-populated\">\n\t\t\t\t\t\t<div class=\"elementor-element elementor-element-65b97e6 elementor-widget elementor-widget-heading\" data-id=\"65b97e6\" data-element_type=\"widget\" data-widget_type=\"heading.default\">\n\t\t\t\t<div class=\"elementor-widget-container\">\n\t\t\t\t\t<h2 class=\"elementor-heading-title elementor-size-default\">Aktualno\u015bci<\/h2>\t\t\t\t<\/div>\n\t\t\t\t<\/div>\n\t\t\t\t\t<\/div>\n\t\t<\/div>\n\t\t\t\t<div class=\"elementor-column elementor-col-50 elementor-top-column elementor-element elementor-element-e682fa5\" data-id=\"e682fa5\" data-element_type=\"column\">\n\t\t\t<div class=\"elementor-widget-wrap\">\n\t\t\t\t\t\t\t<\/div>\n\t\t<\/div>\n\t\t\t\t\t<\/div>\n\t\t<\/section>\n\t\t\t\t<section class=\"elementor-section elementor-top-section elementor-element elementor-element-68d53a5 elementor-section-boxed elementor-section-height-default elementor-section-height-default\" data-id=\"68d53a5\" data-element_type=\"section\">\n\t\t\t\t\t\t<div class=\"elementor-container elementor-column-gap-default\">\n\t\t\t\t\t<div class=\"elementor-column elementor-col-100 elementor-top-column elementor-element elementor-element-957985e\" data-id=\"957985e\" data-element_type=\"column\">\n\t\t\t<div class=\"elementor-widget-wrap elementor-element-populated\">\n\t\t\t\t\t\t<section class=\"elementor-section elementor-inner-section elementor-element elementor-element-1128157 elementor-section-boxed elementor-section-height-default elementor-section-height-default\" data-id=\"1128157\" data-element_type=\"section\">\n\t\t\t\t\t\t<div class=\"elementor-container elementor-column-gap-default\">\n\t\t\t\t\t<div class=\"elementor-column elementor-col-100 elementor-inner-column elementor-element elementor-element-be221c4\" data-id=\"be221c4\" data-element_type=\"column\">\n\t\t\t<div class=\"elementor-widget-wrap elementor-element-populated\">\n\t\t\t\t\t\t<div class=\"elementor-element elementor-element-6fce972 elementor-widget elementor-widget-upk-alex-grid\" data-id=\"6fce972\" data-element_type=\"widget\" data-widget_type=\"upk-alex-grid.default\">\n\t\t\t\t<div class=\"elementor-widget-container\">\n\t\t\t\t\t\n\t\t<div class=\"upk-alex-grid upk-ajax-grid\" data-loadmore=\"[]\">\n\t\t\t<div class=\"upk-alex-wrap upk-ajax-grid-wrap upk-content-right upk-style-2\">\n\n\t\t\t\t\n\t\t\t\t\t\t\t<div class=\"upk-item\">\n\t\t\t<div class=\"upk-image-wrap\">\n\t\t\t\t<img fetchpriority=\"high\" decoding=\"async\" width=\"768\" height=\"317\" src=\"https:\/\/czarnipalck.pl\/wp-content\/uploads\/2025\/04\/piast-768x317.jpg\" class=\"upk-img\" alt=\"Czarni Pa\u0142ck 14:1 Piast G\u0142uch\u00f3w\" srcset=\"https:\/\/czarnipalck.pl\/wp-content\/uploads\/2025\/04\/piast-768x317.jpg 768w, https:\/\/czarnipalck.pl\/wp-content\/uploads\/2025\/04\/piast-300x124.jpg 300w, https:\/\/czarnipalck.pl\/wp-content\/uploads\/2025\/04\/piast-1024x422.jpg 1024w, https:\/\/czarnipalck.pl\/wp-content\/uploads\/2025\/04\/piast-1536x634.jpg 1536w, https:\/\/czarnipalck.pl\/wp-content\/uploads\/2025\/04\/piast-128x53.jpg 128w, https:\/\/czarnipalck.pl\/wp-content\/uploads\/2025\/04\/piast-32x13.jpg 32w, https:\/\/czarnipalck.pl\/wp-content\/uploads\/2025\/04\/piast-1320x545.jpg 1320w, https:\/\/czarnipalck.pl\/wp-content\/uploads\/2025\/04\/piast.jpg 1624w\" sizes=\"(max-width: 768px) 100vw, 768px\" \/>\n\t\t\t\t\t\t\t\t\t<div class=\"upk-meta\">\n\t\t\t\t\t\t\t\t<div>\n\t\t\t\t\t\n\t\t\t\t\t<div class=\"upk-flex upk-flex-middle upk-date-reading-wrap\">\n\t\t\t\t\t\t\t\t\t\t\t\t\t<div data-separator=\"|\">\n\t\t\t\t\t\t\t\t\t\t<div class=\"upk-date\">\n\t\t\t28 kwietnia 2025\t\t<\/div>\n\n\t\t\t\t\t\t\t\t\t\t<\/div>\n\t\t\t\t\t\t\n\t\t\t\t\t\t\t\t\t\t\t<\/div>\n\n\t\t\t\t<\/div>\n\t\t\t<\/div>\n\t\t\n\t\n\t\t\t\t\n\t\t\t\t<div class=\"upk-content-wrap\">\n\n\t\t\t\t\t<div class=\"upk-content\">\n\t\t\t\t\t\t\t\t<div class=\"upk-category\">\n\t\t\t<a href=\"https:\/\/czarnipalck.pl\/index.php\/category\/liga\/\">Liga<\/a>\t\t<\/div>\n\t\t\t\t\t\t\t<h3 class=\"upk-title\"><a href=\"https:\/\/czarnipalck.pl\/index.php\/2025\/04\/28\/czarni-palck-141-piast-gluchow\/\" title=\"Czarni Pa\u0142ck 14:1 Piast G\u0142uch\u00f3w\" class=\"title-animation-\" >Czarni Pa\u0142ck 14:1 Piast G\u0142uch\u00f3w<\/a><\/h3>\t\t\t\t\t<\/div>\n\n\t\t\t\t\t\t\t<div class=\"upk-button-wrap\">\n\t\t\t<a href=\"https:\/\/czarnipalck.pl\/index.php\/2025\/04\/28\/czarni-palck-141-piast-gluchow\/\" class=\"upk-readmore\">\n\t\t\t\t<span class=\"upk-readmore-icon\"><span><\/span><\/span>\n\t\t\t<\/a>\n\t\t<\/div>\n\t\n\t\t\t\t<\/div>\n\t\t\t<\/div>\n\t\t<\/div>\n\t\n\t\t\t\t\n\t\t\t\t\t\t\t<div class=\"upk-item\">\n\t\t\t<div class=\"upk-image-wrap\">\n\t\t\t\t<img decoding=\"async\" width=\"768\" height=\"317\" src=\"https:\/\/czarnipalck.pl\/wp-content\/uploads\/2025\/04\/nietkow-2-768x317.jpg\" class=\"upk-img\" alt=\"\ud83c\udfc6 Pucharowy sen sko\u0144czony, budzik zadzwoni\u0142 w 1\/8 fina\u0142u!\" srcset=\"https:\/\/czarnipalck.pl\/wp-content\/uploads\/2025\/04\/nietkow-2-768x317.jpg 768w, https:\/\/czarnipalck.pl\/wp-content\/uploads\/2025\/04\/nietkow-2-300x124.jpg 300w, https:\/\/czarnipalck.pl\/wp-content\/uploads\/2025\/04\/nietkow-2-1024x422.jpg 1024w, https:\/\/czarnipalck.pl\/wp-content\/uploads\/2025\/04\/nietkow-2-1536x634.jpg 1536w, https:\/\/czarnipalck.pl\/wp-content\/uploads\/2025\/04\/nietkow-2-128x53.jpg 128w, https:\/\/czarnipalck.pl\/wp-content\/uploads\/2025\/04\/nietkow-2-32x13.jpg 32w, https:\/\/czarnipalck.pl\/wp-content\/uploads\/2025\/04\/nietkow-2-1320x545.jpg 1320w, https:\/\/czarnipalck.pl\/wp-content\/uploads\/2025\/04\/nietkow-2.jpg 1624w\" sizes=\"(max-width: 768px) 100vw, 768px\" \/>\n\t\t\t\t\t\t\t\t\t<div class=\"upk-meta\">\n\t\t\t\t\t\t\t\t<div>\n\t\t\t\t\t\n\t\t\t\t\t<div class=\"upk-flex upk-flex-middle upk-date-reading-wrap\">\n\t\t\t\t\t\t\t\t\t\t\t\t\t<div data-separator=\"|\">\n\t\t\t\t\t\t\t\t\t\t<div class=\"upk-date\">\n\t\t\t23 kwietnia 2025\t\t<\/div>\n\n\t\t\t\t\t\t\t\t\t\t<\/div>\n\t\t\t\t\t\t\n\t\t\t\t\t\t\t\t\t\t\t<\/div>\n\n\t\t\t\t<\/div>\n\t\t\t<\/div>\n\t\t\n\t\n\t\t\t\t\n\t\t\t\t<div class=\"upk-content-wrap\">\n\n\t\t\t\t\t<div class=\"upk-content\">\n\t\t\t\t\t\t\t\t<div class=\"upk-category\">\n\t\t\t<a href=\"https:\/\/czarnipalck.pl\/index.php\/category\/puchar-polski\/\">Puchar Polski<\/a>\t\t<\/div>\n\t\t\t\t\t\t\t<h3 class=\"upk-title\"><a href=\"https:\/\/czarnipalck.pl\/index.php\/2025\/04\/23\/%f0%9f%8f%86-pucharowy-sen-skonczony-budzik-zadzwonil-w-1-8-finalu\/\" title=\"\ud83c\udfc6 Pucharowy sen sko\u0144czony, budzik zadzwoni\u0142 w 1\/8 fina\u0142u!\" class=\"title-animation-\" >\ud83c\udfc6 Pucharowy sen sko\u0144czony, budzik zadzwoni\u0142 w 1\/8 fina\u0142u!<\/a><\/h3>\t\t\t\t\t<\/div>\n\n\t\t\t\t\t\t\t<div class=\"upk-button-wrap\">\n\t\t\t<a href=\"https:\/\/czarnipalck.pl\/index.php\/2025\/04\/23\/%f0%9f%8f%86-pucharowy-sen-skonczony-budzik-zadzwonil-w-1-8-finalu\/\" class=\"upk-readmore\">\n\t\t\t\t<span class=\"upk-readmore-icon\"><span><\/span><\/span>\n\t\t\t<\/a>\n\t\t<\/div>\n\t\n\t\t\t\t<\/div>\n\t\t\t<\/div>\n\t\t<\/div>\n\t\n\t\t\t\t\n\t\t\t\t\t\t\t<div class=\"upk-item\">\n\t\t\t<div class=\"upk-image-wrap\">\n\t\t\t\t<img decoding=\"async\" width=\"768\" height=\"347\" src=\"https:\/\/czarnipalck.pl\/wp-content\/uploads\/2025\/04\/nietkow-768x347.jpg\" class=\"upk-img\" alt=\"\ud83c\udfc6 Zapowied\u017a meczu pucharowego: Czarni Pa\u0142ck vs Odra II Nietk\u00f3w\" srcset=\"https:\/\/czarnipalck.pl\/wp-content\/uploads\/2025\/04\/nietkow-768x347.jpg 768w, https:\/\/czarnipalck.pl\/wp-content\/uploads\/2025\/04\/nietkow-300x136.jpg 300w, https:\/\/czarnipalck.pl\/wp-content\/uploads\/2025\/04\/nietkow-1024x463.jpg 1024w, https:\/\/czarnipalck.pl\/wp-content\/uploads\/2025\/04\/nietkow-128x58.jpg 128w, https:\/\/czarnipalck.pl\/wp-content\/uploads\/2025\/04\/nietkow-32x14.jpg 32w, https:\/\/czarnipalck.pl\/wp-content\/uploads\/2025\/04\/nietkow-1320x597.jpg 1320w, https:\/\/czarnipalck.pl\/wp-content\/uploads\/2025\/04\/nietkow.jpg 1398w\" sizes=\"(max-width: 768px) 100vw, 768px\" \/>\n\t\t\t\t\t\t\t\t\t<div class=\"upk-meta\">\n\t\t\t\t\t\t\t\t<div>\n\t\t\t\t\t\n\t\t\t\t\t<div class=\"upk-flex upk-flex-middle upk-date-reading-wrap\">\n\t\t\t\t\t\t\t\t\t\t\t\t\t<div data-separator=\"|\">\n\t\t\t\t\t\t\t\t\t\t<div class=\"upk-date\">\n\t\t\t17 kwietnia 2025\t\t<\/div>\n\n\t\t\t\t\t\t\t\t\t\t<\/div>\n\t\t\t\t\t\t\n\t\t\t\t\t\t\t\t\t\t\t<\/div>\n\n\t\t\t\t<\/div>\n\t\t\t<\/div>\n\t\t\n\t\n\t\t\t\t\n\t\t\t\t<div class=\"upk-content-wrap\">\n\n\t\t\t\t\t<div class=\"upk-content\">\n\t\t\t\t\t\t\t\t<div class=\"upk-category\">\n\t\t\t<a href=\"https:\/\/czarnipalck.pl\/index.php\/category\/puchar-polski\/\">Puchar Polski<\/a>\t\t<\/div>\n\t\t\t\t\t\t\t<h3 class=\"upk-title\"><a href=\"https:\/\/czarnipalck.pl\/index.php\/2025\/04\/17\/%f0%9f%8f%86-zapowiedz-meczu-pucharowego-czarni-palck-vs-odra-ii-nietkow\/\" title=\"\ud83c\udfc6 Zapowied\u017a meczu pucharowego: Czarni Pa\u0142ck vs Odra II Nietk\u00f3w\" class=\"title-animation-\" >\ud83c\udfc6 Zapowied\u017a meczu pucharowego: Czarni Pa\u0142ck vs Odra II Nietk\u00f3w<\/a><\/h3>\t\t\t\t\t<\/div>\n\n\t\t\t\t\t\t\t<div class=\"upk-button-wrap\">\n\t\t\t<a href=\"https:\/\/czarnipalck.pl\/index.php\/2025\/04\/17\/%f0%9f%8f%86-zapowiedz-meczu-pucharowego-czarni-palck-vs-odra-ii-nietkow\/\" class=\"upk-readmore\">\n\t\t\t\t<span class=\"upk-readmore-icon\"><span><\/span><\/span>\n\t\t\t<\/a>\n\t\t<\/div>\n\t\n\t\t\t\t<\/div>\n\t\t\t<\/div>\n\t\t<\/div>\n\t\n\t\t\t\t\n\t\t\t\t\t\t\t<div class=\"upk-item\">\n\t\t\t<div class=\"upk-image-wrap\">\n\t\t\t\t<img loading=\"lazy\" decoding=\"async\" width=\"768\" height=\"301\" src=\"https:\/\/czarnipalck.pl\/wp-content\/uploads\/2025\/04\/klon-2-768x301.jpg\" class=\"upk-img\" alt=\"Relacja z meczu: Klon Babimost vs Czarni Pa\u0142ck 2:4\" srcset=\"https:\/\/czarnipalck.pl\/wp-content\/uploads\/2025\/04\/klon-2-768x301.jpg 768w, https:\/\/czarnipalck.pl\/wp-content\/uploads\/2025\/04\/klon-2-300x118.jpg 300w, https:\/\/czarnipalck.pl\/wp-content\/uploads\/2025\/04\/klon-2-1024x402.jpg 1024w, https:\/\/czarnipalck.pl\/wp-content\/uploads\/2025\/04\/klon-2-128x50.jpg 128w, https:\/\/czarnipalck.pl\/wp-content\/uploads\/2025\/04\/klon-2-32x13.jpg 32w, https:\/\/czarnipalck.pl\/wp-content\/uploads\/2025\/04\/klon-2-1320x518.jpg 1320w, https:\/\/czarnipalck.pl\/wp-content\/uploads\/2025\/04\/klon-2.jpg 1379w\" sizes=\"(max-width: 768px) 100vw, 768px\" \/>\n\t\t\t\t\t\t\t\t\t<div class=\"upk-meta\">\n\t\t\t\t\t\t\t\t<div>\n\t\t\t\t\t\n\t\t\t\t\t<div class=\"upk-flex upk-flex-middle upk-date-reading-wrap\">\n\t\t\t\t\t\t\t\t\t\t\t\t\t<div data-separator=\"|\">\n\t\t\t\t\t\t\t\t\t\t<div class=\"upk-date\">\n\t\t\t14 kwietnia 2025\t\t<\/div>\n\n\t\t\t\t\t\t\t\t\t\t<\/div>\n\t\t\t\t\t\t\n\t\t\t\t\t\t\t\t\t\t\t<\/div>\n\n\t\t\t\t<\/div>\n\t\t\t<\/div>\n\t\t\n\t\n\t\t\t\t\n\t\t\t\t<div class=\"upk-content-wrap\">\n\n\t\t\t\t\t<div class=\"upk-content\">\n\t\t\t\t\t\t\t\t<div class=\"upk-category\">\n\t\t\t<a href=\"https:\/\/czarnipalck.pl\/index.php\/category\/liga\/\">Liga<\/a>\t\t<\/div>\n\t\t\t\t\t\t\t<h3 class=\"upk-title\"><a href=\"https:\/\/czarnipalck.pl\/index.php\/2025\/04\/14\/relacja-z-meczu-klon-babimost-vs-czarni-palck-24\/\" title=\"Relacja z meczu: Klon Babimost vs Czarni Pa\u0142ck 2:4\" class=\"title-animation-\" >Relacja z meczu: Klon Babimost vs Czarni Pa\u0142ck 2:4<\/a><\/h3>\t\t\t\t\t<\/div>\n\n\t\t\t\t\t\t\t<div class=\"upk-button-wrap\">\n\t\t\t<a href=\"https:\/\/czarnipalck.pl\/index.php\/2025\/04\/14\/relacja-z-meczu-klon-babimost-vs-czarni-palck-24\/\" class=\"upk-readmore\">\n\t\t\t\t<span class=\"upk-readmore-icon\"><span><\/span><\/span>\n\t\t\t<\/a>\n\t\t<\/div>\n\t\n\t\t\t\t<\/div>\n\t\t\t<\/div>\n\t\t<\/div>\n\t\n\t\t\t\t\n\t\t\t\t\t\t\t<div class=\"upk-item\">\n\t\t\t<div class=\"upk-image-wrap\">\n\t\t\t\t<img loading=\"lazy\" decoding=\"async\" width=\"768\" height=\"358\" src=\"https:\/\/czarnipalck.pl\/wp-content\/uploads\/2025\/04\/klon-1-768x358.jpg\" class=\"upk-img\" alt=\"Zapowied\u017a meczu: Klon Babimost vs Czarni Pa\u0142ck\" srcset=\"https:\/\/czarnipalck.pl\/wp-content\/uploads\/2025\/04\/klon-1-768x358.jpg 768w, https:\/\/czarnipalck.pl\/wp-content\/uploads\/2025\/04\/klon-1-300x140.jpg 300w, https:\/\/czarnipalck.pl\/wp-content\/uploads\/2025\/04\/klon-1-1024x478.jpg 1024w, https:\/\/czarnipalck.pl\/wp-content\/uploads\/2025\/04\/klon-1-1536x717.jpg 1536w, https:\/\/czarnipalck.pl\/wp-content\/uploads\/2025\/04\/klon-1-2048x956.jpg 2048w, https:\/\/czarnipalck.pl\/wp-content\/uploads\/2025\/04\/klon-1-128x60.jpg 128w, https:\/\/czarnipalck.pl\/wp-content\/uploads\/2025\/04\/klon-1-32x15.jpg 32w, https:\/\/czarnipalck.pl\/wp-content\/uploads\/2025\/04\/klon-1-1320x616.jpg 1320w\" sizes=\"(max-width: 768px) 100vw, 768px\" \/>\n\t\t\t\t\t\t\t\t\t<div class=\"upk-meta\">\n\t\t\t\t\t\t\t\t<div>\n\t\t\t\t\t\n\t\t\t\t\t<div class=\"upk-flex upk-flex-middle upk-date-reading-wrap\">\n\t\t\t\t\t\t\t\t\t\t\t\t\t<div data-separator=\"|\">\n\t\t\t\t\t\t\t\t\t\t<div class=\"upk-date\">\n\t\t\t12 kwietnia 2025\t\t<\/div>\n\n\t\t\t\t\t\t\t\t\t\t<\/div>\n\t\t\t\t\t\t\n\t\t\t\t\t\t\t\t\t\t\t<\/div>\n\n\t\t\t\t<\/div>\n\t\t\t<\/div>\n\t\t\n\t\n\t\t\t\t\n\t\t\t\t<div class=\"upk-content-wrap\">\n\n\t\t\t\t\t<div class=\"upk-content\">\n\t\t\t\t\t\t\t\t<div class=\"upk-category\">\n\t\t\t<a href=\"https:\/\/czarnipalck.pl\/index.php\/category\/liga\/\">Liga<\/a>\t\t<\/div>\n\t\t\t\t\t\t\t<h3 class=\"upk-title\"><a href=\"https:\/\/czarnipalck.pl\/index.php\/2025\/04\/12\/zapowiedz-meczu-klon-babimost-vs-czarni-palck\/\" title=\"Zapowied\u017a meczu: Klon Babimost vs Czarni Pa\u0142ck\" class=\"title-animation-\" >Zapowied\u017a meczu: Klon Babimost vs Czarni Pa\u0142ck<\/a><\/h3>\t\t\t\t\t<\/div>\n\n\t\t\t\t\t\t\t<div class=\"upk-button-wrap\">\n\t\t\t<a href=\"https:\/\/czarnipalck.pl\/index.php\/2025\/04\/12\/zapowiedz-meczu-klon-babimost-vs-czarni-palck\/\" class=\"upk-readmore\">\n\t\t\t\t<span class=\"upk-readmore-icon\"><span><\/span><\/span>\n\t\t\t<\/a>\n\t\t<\/div>\n\t\n\t\t\t\t<\/div>\n\t\t\t<\/div>\n\t\t<\/div>\n\t\n\t\t\t\t\n\t\t\t\t\t\t\t<div class=\"upk-item\">\n\t\t\t<div class=\"upk-image-wrap\">\n\t\t\t\t<img loading=\"lazy\" decoding=\"async\" width=\"768\" height=\"437\" src=\"https:\/\/czarnipalck.pl\/wp-content\/uploads\/2025\/04\/rakovia2-768x437.jpg\" class=\"upk-img\" alt=\"Czarni Pa\u0142ck vs Rakovia Rak\u00f3w\" srcset=\"https:\/\/czarnipalck.pl\/wp-content\/uploads\/2025\/04\/rakovia2-768x437.jpg 768w, https:\/\/czarnipalck.pl\/wp-content\/uploads\/2025\/04\/rakovia2-300x171.jpg 300w, https:\/\/czarnipalck.pl\/wp-content\/uploads\/2025\/04\/rakovia2-1024x583.jpg 1024w, https:\/\/czarnipalck.pl\/wp-content\/uploads\/2025\/04\/rakovia2-1536x874.jpg 1536w, https:\/\/czarnipalck.pl\/wp-content\/uploads\/2025\/04\/rakovia2-2048x1166.jpg 2048w, https:\/\/czarnipalck.pl\/wp-content\/uploads\/2025\/04\/rakovia2-128x73.jpg 128w, https:\/\/czarnipalck.pl\/wp-content\/uploads\/2025\/04\/rakovia2-32x18.jpg 32w, https:\/\/czarnipalck.pl\/wp-content\/uploads\/2025\/04\/rakovia2-1320x751.jpg 1320w\" sizes=\"(max-width: 768px) 100vw, 768px\" \/>\n\t\t\t\t\t\t\t\t\t<div class=\"upk-meta\">\n\t\t\t\t\t\t\t\t<div>\n\t\t\t\t\t\n\t\t\t\t\t<div class=\"upk-flex upk-flex-middle upk-date-reading-wrap\">\n\t\t\t\t\t\t\t\t\t\t\t\t\t<div data-separator=\"|\">\n\t\t\t\t\t\t\t\t\t\t<div class=\"upk-date\">\n\t\t\t7 kwietnia 2025\t\t<\/div>\n\n\t\t\t\t\t\t\t\t\t\t<\/div>\n\t\t\t\t\t\t\n\t\t\t\t\t\t\t\t\t\t\t<\/div>\n\n\t\t\t\t<\/div>\n\t\t\t<\/div>\n\t\t\n\t\n\t\t\t\t\n\t\t\t\t<div class=\"upk-content-wrap\">\n\n\t\t\t\t\t<div class=\"upk-content\">\n\t\t\t\t\t\t\t\t<div class=\"upk-category\">\n\t\t\t<a href=\"https:\/\/czarnipalck.pl\/index.php\/category\/liga\/\">Liga<\/a>\t\t<\/div>\n\t\t\t\t\t\t\t<h3 class=\"upk-title\"><a href=\"https:\/\/czarnipalck.pl\/index.php\/2025\/04\/07\/czarni-palck-vs-rakovia-rakow\/\" title=\"Czarni Pa\u0142ck vs Rakovia Rak\u00f3w\" class=\"title-animation-\" >Czarni Pa\u0142ck vs Rakovia Rak\u00f3w<\/a><\/h3>\t\t\t\t\t<\/div>\n\n\t\t\t\t\t\t\t<div class=\"upk-button-wrap\">\n\t\t\t<a href=\"https:\/\/czarnipalck.pl\/index.php\/2025\/04\/07\/czarni-palck-vs-rakovia-rakow\/\" class=\"upk-readmore\">\n\t\t\t\t<span class=\"upk-readmore-icon\"><span><\/span><\/span>\n\t\t\t<\/a>\n\t\t<\/div>\n\t\n\t\t\t\t<\/div>\n\t\t\t<\/div>\n\t\t<\/div>\n\t\n\t\t\t\t\n\t\t\t\t\t\t\t<div class=\"upk-item\">\n\t\t\t<div class=\"upk-image-wrap\">\n\t\t\t\t<img loading=\"lazy\" decoding=\"async\" width=\"768\" height=\"353\" src=\"https:\/\/czarnipalck.pl\/wp-content\/uploads\/2025\/04\/rakovia-768x353.jpg\" class=\"upk-img\" alt=\"W niedziel\u0119 z Rakovi\u0105 Rak\u00f3w \u2013 kolejny przystanek na wiosennej trasie Czarnych Pa\u0142ck\" srcset=\"https:\/\/czarnipalck.pl\/wp-content\/uploads\/2025\/04\/rakovia-768x353.jpg 768w, https:\/\/czarnipalck.pl\/wp-content\/uploads\/2025\/04\/rakovia-300x138.jpg 300w, https:\/\/czarnipalck.pl\/wp-content\/uploads\/2025\/04\/rakovia-1024x470.jpg 1024w, https:\/\/czarnipalck.pl\/wp-content\/uploads\/2025\/04\/rakovia-128x59.jpg 128w, https:\/\/czarnipalck.pl\/wp-content\/uploads\/2025\/04\/rakovia-32x15.jpg 32w, https:\/\/czarnipalck.pl\/wp-content\/uploads\/2025\/04\/rakovia-1320x606.jpg 1320w, https:\/\/czarnipalck.pl\/wp-content\/uploads\/2025\/04\/rakovia.jpg 1372w\" sizes=\"(max-width: 768px) 100vw, 768px\" \/>\n\t\t\t\t\t\t\t\t\t<div class=\"upk-meta\">\n\t\t\t\t\t\t\t\t<div>\n\t\t\t\t\t\n\t\t\t\t\t<div class=\"upk-flex upk-flex-middle upk-date-reading-wrap\">\n\t\t\t\t\t\t\t\t\t\t\t\t\t<div data-separator=\"|\">\n\t\t\t\t\t\t\t\t\t\t<div class=\"upk-date\">\n\t\t\t4 kwietnia 2025\t\t<\/div>\n\n\t\t\t\t\t\t\t\t\t\t<\/div>\n\t\t\t\t\t\t\n\t\t\t\t\t\t\t\t\t\t\t<\/div>\n\n\t\t\t\t<\/div>\n\t\t\t<\/div>\n\t\t\n\t\n\t\t\t\t\n\t\t\t\t<div class=\"upk-content-wrap\">\n\n\t\t\t\t\t<div class=\"upk-content\">\n\t\t\t\t\t\t\t\t<div class=\"upk-category\">\n\t\t\t<a href=\"https:\/\/czarnipalck.pl\/index.php\/category\/liga\/\">Liga<\/a>\t\t<\/div>\n\t\t\t\t\t\t\t<h3 class=\"upk-title\"><a href=\"https:\/\/czarnipalck.pl\/index.php\/2025\/04\/04\/w-niedziele-z-rakovia-rakow-kolejny-przystanek-na-wiosennej-trasie-czarnych-palck\/\" title=\"W niedziel\u0119 z Rakovi\u0105 Rak\u00f3w \u2013 kolejny przystanek na wiosennej trasie Czarnych Pa\u0142ck\" class=\"title-animation-\" >W niedziel\u0119 z Rakovi\u0105 Rak\u00f3w \u2013 kolejny przystanek na wiosennej trasie Czarnych Pa\u0142ck<\/a><\/h3>\t\t\t\t\t<\/div>\n\n\t\t\t\t\t\t\t<div class=\"upk-button-wrap\">\n\t\t\t<a href=\"https:\/\/czarnipalck.pl\/index.php\/2025\/04\/04\/w-niedziele-z-rakovia-rakow-kolejny-przystanek-na-wiosennej-trasie-czarnych-palck\/\" class=\"upk-readmore\">\n\t\t\t\t<span class=\"upk-readmore-icon\"><span><\/span><\/span>\n\t\t\t<\/a>\n\t\t<\/div>\n\t\n\t\t\t\t<\/div>\n\t\t\t<\/div>\n\t\t<\/div>\n\t\n\t\t\t\t\n\t\t\t\t\t\t\t<div class=\"upk-item\">\n\t\t\t<div class=\"upk-image-wrap\">\n\t\t\t\t<img loading=\"lazy\" decoding=\"async\" width=\"768\" height=\"385\" src=\"https:\/\/czarnipalck.pl\/wp-content\/uploads\/2025\/04\/lesnik-2-768x385.jpg\" class=\"upk-img\" alt=\"Czarni Pa\u0142ck wywo\u017c\u0105 3 punkty z S\u0142onego pola bitwy!\" srcset=\"https:\/\/czarnipalck.pl\/wp-content\/uploads\/2025\/04\/lesnik-2-768x385.jpg 768w, https:\/\/czarnipalck.pl\/wp-content\/uploads\/2025\/04\/lesnik-2-300x150.jpg 300w, https:\/\/czarnipalck.pl\/wp-content\/uploads\/2025\/04\/lesnik-2-1024x514.jpg 1024w, https:\/\/czarnipalck.pl\/wp-content\/uploads\/2025\/04\/lesnik-2-128x64.jpg 128w, https:\/\/czarnipalck.pl\/wp-content\/uploads\/2025\/04\/lesnik-2-32x16.jpg 32w, https:\/\/czarnipalck.pl\/wp-content\/uploads\/2025\/04\/lesnik-2-1320x662.jpg 1320w, https:\/\/czarnipalck.pl\/wp-content\/uploads\/2025\/04\/lesnik-2.jpg 1360w\" sizes=\"(max-width: 768px) 100vw, 768px\" \/>\n\t\t\t\t\t\t\t\t\t<div class=\"upk-meta\">\n\t\t\t\t\t\t\t\t<div>\n\t\t\t\t\t\n\t\t\t\t\t<div class=\"upk-flex upk-flex-middle upk-date-reading-wrap\">\n\t\t\t\t\t\t\t\t\t\t\t\t\t<div data-separator=\"|\">\n\t\t\t\t\t\t\t\t\t\t<div class=\"upk-date\">\n\t\t\t1 kwietnia 2025\t\t<\/div>\n\n\t\t\t\t\t\t\t\t\t\t<\/div>\n\t\t\t\t\t\t\n\t\t\t\t\t\t\t\t\t\t\t<\/div>\n\n\t\t\t\t<\/div>\n\t\t\t<\/div>\n\t\t\n\t\n\t\t\t\t\n\t\t\t\t<div class=\"upk-content-wrap\">\n\n\t\t\t\t\t<div class=\"upk-content\">\n\t\t\t\t\t\t\t\t<div class=\"upk-category\">\n\t\t\t<a href=\"https:\/\/czarnipalck.pl\/index.php\/category\/liga\/\">Liga<\/a>\t\t<\/div>\n\t\t\t\t\t\t\t<h3 class=\"upk-title\"><a href=\"https:\/\/czarnipalck.pl\/index.php\/2025\/04\/01\/czarni-palck-wywoza-3-punkty-z-slonego-pola-bitwy\/\" title=\"Czarni Pa\u0142ck wywo\u017c\u0105 3 punkty z S\u0142onego pola bitwy!\" class=\"title-animation-\" >Czarni Pa\u0142ck wywo\u017c\u0105 3 punkty z S\u0142onego pola bitwy!<\/a><\/h3>\t\t\t\t\t<\/div>\n\n\t\t\t\t\t\t\t<div class=\"upk-button-wrap\">\n\t\t\t<a href=\"https:\/\/czarnipalck.pl\/index.php\/2025\/04\/01\/czarni-palck-wywoza-3-punkty-z-slonego-pola-bitwy\/\" class=\"upk-readmore\">\n\t\t\t\t<span class=\"upk-readmore-icon\"><span><\/span><\/span>\n\t\t\t<\/a>\n\t\t<\/div>\n\t\n\t\t\t\t<\/div>\n\t\t\t<\/div>\n\t\t<\/div>\n\t\n\t\t\t\t\n\t\t\t\t\t\t\t<div class=\"upk-item\">\n\t\t\t<div class=\"upk-image-wrap\">\n\t\t\t\t<img loading=\"lazy\" decoding=\"async\" width=\"768\" height=\"359\" src=\"https:\/\/czarnipalck.pl\/wp-content\/uploads\/2025\/03\/lesnik-768x359.jpg\" class=\"upk-img\" alt=\"Czarni Pa\u0142ck kontra Le\u015bnik S\u0142one \u2013 niedzielne granie na wyje\u017adzie!\" srcset=\"https:\/\/czarnipalck.pl\/wp-content\/uploads\/2025\/03\/lesnik-768x359.jpg 768w, https:\/\/czarnipalck.pl\/wp-content\/uploads\/2025\/03\/lesnik-300x140.jpg 300w, https:\/\/czarnipalck.pl\/wp-content\/uploads\/2025\/03\/lesnik-1024x479.jpg 1024w, https:\/\/czarnipalck.pl\/wp-content\/uploads\/2025\/03\/lesnik-1536x719.jpg 1536w, https:\/\/czarnipalck.pl\/wp-content\/uploads\/2025\/03\/lesnik-2048x958.jpg 2048w, https:\/\/czarnipalck.pl\/wp-content\/uploads\/2025\/03\/lesnik-128x60.jpg 128w, https:\/\/czarnipalck.pl\/wp-content\/uploads\/2025\/03\/lesnik-32x15.jpg 32w, https:\/\/czarnipalck.pl\/wp-content\/uploads\/2025\/03\/lesnik-1320x618.jpg 1320w\" sizes=\"(max-width: 768px) 100vw, 768px\" \/>\n\t\t\t\t\t\t\t\t\t<div class=\"upk-meta\">\n\t\t\t\t\t\t\t\t<div>\n\t\t\t\t\t\n\t\t\t\t\t<div class=\"upk-flex upk-flex-middle upk-date-reading-wrap\">\n\t\t\t\t\t\t\t\t\t\t\t\t\t<div data-separator=\"|\">\n\t\t\t\t\t\t\t\t\t\t<div class=\"upk-date\">\n\t\t\t28 marca 2025\t\t<\/div>\n\n\t\t\t\t\t\t\t\t\t\t<\/div>\n\t\t\t\t\t\t\n\t\t\t\t\t\t\t\t\t\t\t<\/div>\n\n\t\t\t\t<\/div>\n\t\t\t<\/div>\n\t\t\n\t\n\t\t\t\t\n\t\t\t\t<div class=\"upk-content-wrap\">\n\n\t\t\t\t\t<div class=\"upk-content\">\n\t\t\t\t\t\t\t\t<div class=\"upk-category\">\n\t\t\t<a href=\"https:\/\/czarnipalck.pl\/index.php\/category\/liga\/\">Liga<\/a>\t\t<\/div>\n\t\t\t\t\t\t\t<h3 class=\"upk-title\"><a href=\"https:\/\/czarnipalck.pl\/index.php\/2025\/03\/28\/czarni-palck-kontra-lesnik-slone-niedzielne-granie-na-wyjezdzie\/\" title=\"Czarni Pa\u0142ck kontra Le\u015bnik S\u0142one \u2013 niedzielne granie na wyje\u017adzie!\" class=\"title-animation-\" >Czarni Pa\u0142ck kontra Le\u015bnik S\u0142one \u2013 niedzielne granie na wyje\u017adzie!<\/a><\/h3>\t\t\t\t\t<\/div>\n\n\t\t\t\t\t\t\t<div class=\"upk-button-wrap\">\n\t\t\t<a href=\"https:\/\/czarnipalck.pl\/index.php\/2025\/03\/28\/czarni-palck-kontra-lesnik-slone-niedzielne-granie-na-wyjezdzie\/\" class=\"upk-readmore\">\n\t\t\t\t<span class=\"upk-readmore-icon\"><span><\/span><\/span>\n\t\t\t<\/a>\n\t\t<\/div>\n\t\n\t\t\t\t<\/div>\n\t\t\t<\/div>\n\t\t<\/div>\n\t\n\t\t\t\t\n\t\t\t<\/div>\n\t\t<\/div>\n\n\t\t\t\t\t<div class=\"ep-pagination\">\n\t\t\t\t<ul class=\"upk-pagination\" data-widget-id=\"6fce972\" >\n<li class=\"upk-active\"><a href=\"https:\/\/czarnipalck.pl\/index.php\/wp-json\/wp\/v2\/pages\/472\/\">1<\/a><\/li>\n<li><a href=\"https:\/\/czarnipalck.pl\/index.php\/wp-json\/wp\/v2\/pages\/472\/page\/2\/\">2<\/a><\/li>\n<li><a href=\"https:\/\/czarnipalck.pl\/index.php\/wp-json\/wp\/v2\/pages\/472\/page\/3\/\">3<\/a><\/li>\n<\/ul>\n\t\t\t<\/div>\n\t\t\t\t<\/div>\n\t\t\t\t<\/div>\n\t\t\t\t\t<\/div>\n\t\t<\/div>\n\t\t\t\t\t<\/div>\n\t\t<\/section>\n\t\t\t\t\t<\/div>\n\t\t<\/div>\n\t\t\t\t\t<\/div>\n\t\t<\/section>\n\t\t\t\t<\/div>\n\t\t","protected":false},"excerpt":{"rendered":"<p>Aktualno\u015bci 27 sierpnia 2024 Bez kategorii Wygrana na Inauguracj\u0119 26 sierpnia 2024 Bez kategorii Pierwszy mecz z Liwnem Zab\u00f3r 21 sierpnia 2024 Bez kategorii Koniec przygody w Pucharze Polski<\/p>\n","protected":false},"author":1,"featured_media":0,"parent":0,"menu_order":0,"comment_status":"closed","ping_status":"closed","template":"elementor_header_footer","meta":{"footnotes":""},"class_list":["post-472","page","type-page","status-publish","hentry"],"_links":{"self":[{"href":"https:\/\/czarnipalck.pl\/index.php\/wp-json\/wp\/v2\/pages\/472","targetHints":{"allow":["GET"]}}],"collection":[{"href":"https:\/\/czarnipalck.pl\/index.php\/wp-json\/wp\/v2\/pages"}],"about":[{"href":"https:\/\/czarnipalck.pl\/index.php\/wp-json\/wp\/v2\/types\/page"}],"author":[{"embeddable":true,"href":"https:\/\/czarnipalck.pl\/index.php\/wp-json\/wp\/v2\/users\/1"}],"replies":[{"embeddable":true,"href":"https:\/\/czarnipalck.pl\/index.php\/wp-json\/wp\/v2\/comments?post=472"}],"version-history":[{"count":28,"href":"https:\/\/czarnipalck.pl\/index.php\/wp-json\/wp\/v2\/pages\/472\/revisions"}],"predecessor-version":[{"id":1290,"href":"https:\/\/czarnipalck.pl\/index.php\/wp-json\/wp\/v2\/pages\/472\/revisions\/1290"}],"wp:attachment":[{"href":"https:\/\/czarnipalck.pl\/index.php\/wp-json\/wp\/v2\/media?parent=472"}],"curies":[{"name":"wp","href":"https:\/\/api.w.org\/{rel}","templated":true}]}}